{"id":12397,"date":"2019-11-26T12:39:27","date_gmt":"2019-11-26T11:39:27","guid":{"rendered":"http:\/\/comprensivobrigida.edu.it\/site\/?page_id=12397"},"modified":"2023-09-21T15:13:42","modified_gmt":"2023-09-21T13:13:42","slug":"docenti","status":"publish","type":"page","link":"https:\/\/www.comprensivobrigida.edu.it\/site\/docenti\/","title":{"rendered":"DOCENTI"},"content":{"rendered":"\t\t<div data-elementor-type=\"wp-page\" data-elementor-id=\"12397\" class=\"elementor elementor-12397\" data-elementor-settings=\"[]\">\n\t\t\t\t\t\t\t<div class=\"elementor-section-wrap\">\n\t\t\t\t\t\t\t<section class=\"has_eae_slider elementor-section elementor-top-section elementor-element elementor-element-108461c7 elementor-section-full_width elementor-section-height-default elementor-section-height-default\" data-id=\"108461c7\" data-element_type=\"section\">\n\t\t\t\t\t\t<div class=\"elementor-container elementor-column-gap-default\">\n\t\t\t\t\t<div class=\"has_eae_slider elementor-column elementor-col-100 elementor-top-column elementor-element elementor-element-1f8696ad\" data-id=\"1f8696ad\" data-element_type=\"column\">\n\t\t\t<div class=\"elementor-widget-wrap elementor-element-populated\">\n\t\t\t\t\t\t\t\t<div class=\"elementor-element elementor-element-321be77 elementor-widget elementor-widget-button\" data-id=\"321be77\" data-element_type=\"widget\" data-widget_type=\"button.default\">\n\t\t\t\t<div class=\"elementor-widget-container\">\n\t\t\t\t\t<div class=\"elementor-button-wrapper\">\n\t\t\t<a href=\"https:\/\/www.comprensivobrigida.edu.it\/site\/2023\/09\/21\/prenotazioni\/\" class=\"elementor-button-link elementor-button elementor-size-lg\" role=\"button\">\n\t\t\t\t\t\t<span class=\"elementor-button-content-wrapper\">\n\t\t\t\t\t\t<span class=\"elementor-button-icon elementor-align-icon-left\">\n\t\t\t\t<svg aria-hidden=\"true\" class=\"e-font-icon-svg e-fas-desktop\"><use xlink:href=\"#fas-desktop\" \/><\/svg>\t\t\t<\/span>\n\t\t\t\t\t\t<span class=\"elementor-button-text\">PRENOTAZIONE AULA INFORMATICA E CHROMEBOOK<\/span>\n\t\t<\/span>\n\t\t\t\t\t<\/a>\n\t\t<\/div>\n\t\t\t\t<\/div>\n\t\t\t\t<\/div>\n\t\t\t\t<div class=\"elementor-element elementor-element-afd8ab0 elementor-widget elementor-widget-text-editor\" data-id=\"afd8ab0\" data-element_type=\"widget\" data-widget_type=\"text-editor.default\">\n\t\t\t\t<div class=\"elementor-widget-container\">\n\t\t\t<style>\/*! elementor - v3.5.6 - 28-02-2022 *\/\n.elementor-widget-text-editor.elementor-drop-cap-view-stacked .elementor-drop-cap{background-color:#818a91;color:#fff}.elementor-widget-text-editor.elementor-drop-cap-view-framed .elementor-drop-cap{color:#818a91;border:3px solid;background-color:transparent}.elementor-widget-text-editor:not(.elementor-drop-cap-view-default) .elementor-drop-cap{margin-top:8px}.elementor-widget-text-editor:not(.elementor-drop-cap-view-default) .elementor-drop-cap-letter{width:1em;height:1em}.elementor-widget-text-editor .elementor-drop-cap{float:left;text-align:center;line-height:1;font-size:50px}.elementor-widget-text-editor .elementor-drop-cap-letter{display:inline-block}<\/style>\t\t\t\t\t\t\t\t\t\t<\/div>\n\t\t\t\t<\/div>\n\t\t\t\t<div class=\"elementor-element elementor-element-4c2a88a elementor-widget elementor-widget-button\" data-id=\"4c2a88a\" data-element_type=\"widget\" data-widget_type=\"button.default\">\n\t\t\t\t<div class=\"elementor-widget-container\">\n\t\t\t\t\t<div class=\"elementor-button-wrapper\">\n\t\t\t<a href=\"https:\/\/www.comprensivobrigida.edu.it\/site\/formazione-docenti\/\" target=\"_blank\" class=\"elementor-button-link elementor-button elementor-size-sm elementor-animation-shrink\" role=\"button\">\n\t\t\t\t\t\t<span class=\"elementor-button-content-wrapper\">\n\t\t\t\t\t\t<span class=\"elementor-button-text\">FORMAZIONE DOCENTI<\/span>\n\t\t<\/span>\n\t\t\t\t\t<\/a>\n\t\t<\/div>\n\t\t\t\t<\/div>\n\t\t\t\t<\/div>\n\t\t\t\t<div class=\"elementor-element elementor-element-4d20729f elementor-widget elementor-widget-obfx-posts-grid\" data-id=\"4d20729f\" data-element_type=\"widget\" data-widget_type=\"obfx-posts-grid.default\">\n\t\t\t\t<div class=\"elementor-widget-container\">\n\t\t\t<div class=\"obfx-grid\"><div class=\"obfx-grid-container obfx-grid-style-list obfx-grid-desktop-1\"><div class=\"obfx-grid-wrapper\"><article class=\"obfx-grid-col\">\t\t\t\t\t<div class=\"obfx-grid-col-image\">\n\t\t\t\t\t\t<a href=\"https:\/\/www.comprensivobrigida.edu.it\/site\/2024\/04\/22\/sospensione-attivita-didattiche-ponte-primo-maggio\/\" title=\"Sospensione attivit\u00e0 didattiche ponte 1 maggio 2024\">\n\t\t\t\t\t\t\t<img loading=\"lazy\" decoding=\"async\" width=\"259\" height=\"194\" src=\"https:\/\/www.comprensivobrigida.edu.it\/site\/wp-content\/uploads\/2023\/10\/download-1.jpg\" class=\"img-responsive wp-post-image\" alt=\"download (1)\" \/>\t\t\t\t\t\t<\/a>\n\t\t\t\t\t<\/div>\n\t\t\t\t<div class=\"obfx-grid-col-content\">\t\t\t<h2 class=\"entry-title obfx-grid-title\">\n\t\t\t\t\t\t\t<a href=\"https:\/\/www.comprensivobrigida.edu.it\/site\/2024\/04\/22\/sospensione-attivita-didattiche-ponte-primo-maggio\/\" title=\"Sospensione attivit\u00e0 didattiche ponte 1 maggio 2024\">\n\t\t\t\t\tSospensione attivit\u00e0 didattiche ponte 1 maggio 2024\t\t\t\t<\/a>\n\t\t\t\t\t\t\t<\/h2>\n\t\t\t\t\t\t\t<div class=\"entry-meta obfx-grid-meta\">\n\n\t\t\t\t\t\t\t\t\t\t\t\t\t<span class=\"obfx-grid-date\">\n\t\t\t\t\t\t\t\t\t<i class=\"fa fa-calendar\"><\/i>22 Aprile 2024\t\t\t\t\t\t\t\t<\/span>\n\t\t\t\t\t\t\t\t\n\t\t\t\t<\/div>\n\t\t\t\t\t\t\t<div class=\"entry-content obfx-grid-content\">\n\t\t\t\tVista la delibera Giunta Regione Molise n.134 del 21\/04\/2023 e vista la delibera del Consiglio d\u2019Istituto n. 54 del 09\/04\/2024, si comunica che per il ponte del 1 maggio \u00e8&hellip;\t\t\t<\/div>\n\t\t\t\t\t\t<div class=\"obfx-grid-footer\">\n\t\t\t\t<a href=\"https:\/\/www.comprensivobrigida.edu.it\/site\/2024\/04\/22\/sospensione-attivita-didattiche-ponte-primo-maggio\/\"\n\t\t\t\t   title=\"Leggi...\">Leggi...<\/a>\n\t\t\t<\/div>\n\t\t\t<\/div><!-- .obfx-grid-col-content --><\/article><\/div><div class=\"obfx-grid-wrapper\"><article class=\"obfx-grid-col obfx-no-image\"><div class=\"obfx-grid-col-content\">\t\t\t<h2 class=\"entry-title obfx-grid-title\">\n\t\t\t\t\t\t\t<a href=\"https:\/\/www.comprensivobrigida.edu.it\/site\/2024\/04\/05\/convocazione-collegio-dei-docenti-del-9-4-2024\/\" title=\"Convocazione Collegio dei Docenti del 9\/4\/2024\">\n\t\t\t\t\tConvocazione Collegio dei Docenti del 9\/4\/2024\t\t\t\t<\/a>\n\t\t\t\t\t\t\t<\/h2>\n\t\t\t\t\t\t\t<div class=\"entry-meta obfx-grid-meta\">\n\n\t\t\t\t\t\t\t\t\t\t\t\t\t<span class=\"obfx-grid-date\">\n\t\t\t\t\t\t\t\t\t<i class=\"fa fa-calendar\"><\/i>5 Aprile 2024\t\t\t\t\t\t\t\t<\/span>\n\t\t\t\t\t\t\t\t\n\t\t\t\t<\/div>\n\t\t\t\t\t\t\t<div class=\"entry-content obfx-grid-content\">\n\t\t\t\thttps:\/\/www.comprensivobrigida.edu.it\/site\/wp-content\/uploads\/2024\/04\/Prot-0004688_timb_ConvocazioneCollegio_Docenti_del9_aprile_2024_signed-1.pdf\t\t\t<\/div>\n\t\t\t\t\t\t<div class=\"obfx-grid-footer\">\n\t\t\t\t<a href=\"https:\/\/www.comprensivobrigida.edu.it\/site\/2024\/04\/05\/convocazione-collegio-dei-docenti-del-9-4-2024\/\"\n\t\t\t\t   title=\"Leggi...\">Leggi...<\/a>\n\t\t\t<\/div>\n\t\t\t<\/div><!-- .obfx-grid-col-content --><\/article><\/div><div class=\"obfx-grid-wrapper\"><article class=\"obfx-grid-col obfx-no-image\"><div class=\"obfx-grid-col-content\">\t\t\t<h2 class=\"entry-title obfx-grid-title\">\n\t\t\t\t\t\t\t<a href=\"https:\/\/www.comprensivobrigida.edu.it\/site\/2024\/03\/20\/ricevimento-quadrimestrale-genitori-tutori-aprile-2024\/\" title=\"Ricevimento quadrimestrale genitori\/tutori &#8211; aprile 2024\">\n\t\t\t\t\tRicevimento quadrimestrale genitori\/tutori &#8211; aprile 2024\t\t\t\t<\/a>\n\t\t\t\t\t\t\t<\/h2>\n\t\t\t\t\t\t\t<div class=\"entry-meta obfx-grid-meta\">\n\n\t\t\t\t\t\t\t\t\t\t\t\t\t<span class=\"obfx-grid-date\">\n\t\t\t\t\t\t\t\t\t<i class=\"fa fa-calendar\"><\/i>20 Marzo 2024\t\t\t\t\t\t\t\t<\/span>\n\t\t\t\t\t\t\t\t\n\t\t\t\t<\/div>\n\t\t\t\t\t\t\t<div class=\"entry-content obfx-grid-content\">\n\t\t\t\thttps:\/\/www.comprensivobrigida.edu.it\/site\/wp-content\/uploads\/2024\/03\/Prot-0003914_timb_ricevimento_generale_signed-1.pdf\t\t\t<\/div>\n\t\t\t\t\t\t<div class=\"obfx-grid-footer\">\n\t\t\t\t<a href=\"https:\/\/www.comprensivobrigida.edu.it\/site\/2024\/03\/20\/ricevimento-quadrimestrale-genitori-tutori-aprile-2024\/\"\n\t\t\t\t   title=\"Leggi...\">Leggi...<\/a>\n\t\t\t<\/div>\n\t\t\t<\/div><!-- .obfx-grid-col-content --><\/article><\/div><div class=\"obfx-grid-wrapper\"><article class=\"obfx-grid-col obfx-no-image\"><div class=\"obfx-grid-col-content\">\t\t\t<h2 class=\"entry-title obfx-grid-title\">\n\t\t\t\t\t\t\t<a href=\"https:\/\/www.comprensivobrigida.edu.it\/site\/2024\/03\/19\/sospensione-attivita-didattiche-periodo-pasquale\/\" title=\"Sospensione attivit\u00e0 didattiche periodo pasquale\">\n\t\t\t\t\tSospensione attivit\u00e0 didattiche periodo pasquale\t\t\t\t<\/a>\n\t\t\t\t\t\t\t<\/h2>\n\t\t\t\t\t\t\t<div class=\"entry-meta obfx-grid-meta\">\n\n\t\t\t\t\t\t\t\t\t\t\t\t\t<span class=\"obfx-grid-date\">\n\t\t\t\t\t\t\t\t\t<i class=\"fa fa-calendar\"><\/i>19 Marzo 2024\t\t\t\t\t\t\t\t<\/span>\n\t\t\t\t\t\t\t\t\n\t\t\t\t<\/div>\n\t\t\t\t\t\t\t<div class=\"entry-content obfx-grid-content\">\n\t\t\t\tVista la delibera Giunta Regione Molise n.134 del 21\/04\/2023, si comunica che per le festivit\u00e0 pasquali \u00e8 prevista la sospensione delle attivit\u00e0 didattiche da gioved\u00ec 28\/03\/2024 a marted\u00ec 02\/04\/2024. Le&hellip;\t\t\t<\/div>\n\t\t\t\t\t\t<div class=\"obfx-grid-footer\">\n\t\t\t\t<a href=\"https:\/\/www.comprensivobrigida.edu.it\/site\/2024\/03\/19\/sospensione-attivita-didattiche-periodo-pasquale\/\"\n\t\t\t\t   title=\"Leggi...\">Leggi...<\/a>\n\t\t\t<\/div>\n\t\t\t<\/div><!-- .obfx-grid-col-content --><\/article><\/div><div class=\"obfx-grid-wrapper\"><article class=\"obfx-grid-col obfx-no-image\"><div class=\"obfx-grid-col-content\">\t\t\t<h2 class=\"entry-title obfx-grid-title\">\n\t\t\t\t\t\t\t<a href=\"https:\/\/www.comprensivobrigida.edu.it\/site\/2024\/03\/11\/circolare-n-58-corsi-di-recupero-di-lingua-inglese-per-le-classi-prime-e-seconde\/\" title=\"Circolare n. 58 &#8211; Corsi di recupero di lingua inglese per le classi prime e seconde\">\n\t\t\t\t\tCircolare n. 58 &#8211; Corsi di recupero di lingua inglese per le classi prime e seconde\t\t\t\t<\/a>\n\t\t\t\t\t\t\t<\/h2>\n\t\t\t\t\t\t\t<div class=\"entry-meta obfx-grid-meta\">\n\n\t\t\t\t\t\t\t\t\t\t\t\t\t<span class=\"obfx-grid-date\">\n\t\t\t\t\t\t\t\t\t<i class=\"fa fa-calendar\"><\/i>11 Marzo 2024\t\t\t\t\t\t\t\t<\/span>\n\t\t\t\t\t\t\t\t\n\t\t\t\t<\/div>\n\t\t\t\t\t\t\t<div class=\"entry-content obfx-grid-content\">\n\t\t\t\thttps:\/\/www.comprensivobrigida.edu.it\/site\/wp-content\/uploads\/2024\/03\/Prot-0003048_timb_CORSI_DI_RECUPERO_LINGUA_INGLESE_signed.pdf\t\t\t<\/div>\n\t\t\t\t\t\t<div class=\"obfx-grid-footer\">\n\t\t\t\t<a href=\"https:\/\/www.comprensivobrigida.edu.it\/site\/2024\/03\/11\/circolare-n-58-corsi-di-recupero-di-lingua-inglese-per-le-classi-prime-e-seconde\/\"\n\t\t\t\t   title=\"Leggi...\">Leggi...<\/a>\n\t\t\t<\/div>\n\t\t\t<\/div><!-- .obfx-grid-col-content --><\/article><\/div><div class=\"obfx-grid-wrapper\"><article class=\"obfx-grid-col obfx-no-image\"><div class=\"obfx-grid-col-content\">\t\t\t<h2 class=\"entry-title obfx-grid-title\">\n\t\t\t\t\t\t\t<a href=\"https:\/\/www.comprensivobrigida.edu.it\/site\/2024\/03\/06\/calendario-prove-comuni-classi-prime-e-seconde-scuola-secondaria-primo-grado\/\" title=\"Calendario prove comuni classi prime e seconde scuola secondaria primo grado\">\n\t\t\t\t\tCalendario prove comuni classi prime e seconde scuola secondaria primo grado\t\t\t\t<\/a>\n\t\t\t\t\t\t\t<\/h2>\n\t\t\t\t\t\t\t<div class=\"entry-meta obfx-grid-meta\">\n\n\t\t\t\t\t\t\t\t\t\t\t\t\t<span class=\"obfx-grid-date\">\n\t\t\t\t\t\t\t\t\t<i class=\"fa fa-calendar\"><\/i>6 Marzo 2024\t\t\t\t\t\t\t\t<\/span>\n\t\t\t\t\t\t\t\t\n\t\t\t\t<\/div>\n\t\t\t\t\t\t\t<div class=\"entry-content obfx-grid-content\">\n\t\t\t\thttps:\/\/www.comprensivobrigida.edu.it\/site\/wp-content\/uploads\/2024\/03\/Prot-0002991_timb_CIRCOLARE_PROVE_COMUNI_2023_24__281_29_signed-1.pdf\t\t\t<\/div>\n\t\t\t\t\t\t<div class=\"obfx-grid-footer\">\n\t\t\t\t<a href=\"https:\/\/www.comprensivobrigida.edu.it\/site\/2024\/03\/06\/calendario-prove-comuni-classi-prime-e-seconde-scuola-secondaria-primo-grado\/\"\n\t\t\t\t   title=\"Leggi...\">Leggi...<\/a>\n\t\t\t<\/div>\n\t\t\t<\/div><!-- .obfx-grid-col-content --><\/article><\/div>\t\t\t\t<div class=\"obfx-grid-pagination\">\n\t\t\t\t\t\t\t\t\t\t<nav class=\"pagination\">\n\t\t\t\t\t\t<span aria-current=\"page\" class=\"page-numbers current\">1<\/span>\n<a class=\"page-numbers\" href=\"https:\/\/www.comprensivobrigida.edu.it\/site\/wp-json\/wp\/v2\/pages\/12397\/page\/2\/\">2<\/a>\n<a class=\"page-numbers\" href=\"https:\/\/www.comprensivobrigida.edu.it\/site\/wp-json\/wp\/v2\/pages\/12397\/page\/3\/\">3<\/a>\n<a class=\"page-numbers\" href=\"https:\/\/www.comprensivobrigida.edu.it\/site\/wp-json\/wp\/v2\/pages\/12397\/page\/4\/\">4<\/a>\n<span class=\"page-numbers dots\">&hellip;<\/span>\n<a class=\"page-numbers\" href=\"https:\/\/www.comprensivobrigida.edu.it\/site\/wp-json\/wp\/v2\/pages\/12397\/page\/73\/\">73<\/a>\n<a class=\"next page-numbers\" href=\"https:\/\/www.comprensivobrigida.edu.it\/site\/wp-json\/wp\/v2\/pages\/12397\/page\/2\/\">Next<\/a>\t\t\t\t\t<\/nav>\n\t\t\t\t<\/div>\n\t\t\t\t<\/div><!-- .obfx-grid-container --><\/div><!-- .obfx-grid -->\t\t<\/div>\n\t\t\t\t<\/div>\n\t\t\t\t\t<\/div>\n\t\t<\/div>\n\t\t\t\t\t\t\t<\/div>\n\t\t<\/section>\n\t\t\t\t\t\t<\/div>\n\t\t\t\t\t<\/div>\n\t\t","protected":false},"excerpt":{"rendered":"<p>PRENOTAZIONE AULA INFORMATICA E CHROMEBOOK FORMAZIONE DOCENTI CONVOCAZIONE COLLEGIO DOCENTI DEL 12.09.2023 11 Settembre 2023 CONVOCAZIONE COLLEGIO DOCENTI DEL 12.09.2023 &#8211; convocazione_collegio_dei_docenti_12sett2023_signed.pdf Leggi&#8230; ORARIO INGRESSO-USCITA PRIMA SETTIMANA DI LEZIONE 6 Settembre 2023 Orario prima settimana di lezione &#8211; QUI Leggi&#8230; CONVOCAZIONE COLLEGIO DOCENTI DEL 04.09.2023 25 Agosto 2023 CONVOCAZIONE COLLEGIO DOCENTI DEL 04.09.2023 &#8211; convocazione_collegio_dei_docenti_4_sett2023_signed.pdf [&hellip;]<\/p>\n","protected":false},"author":1,"featured_media":0,"parent":0,"menu_order":0,"comment_status":"closed","ping_status":"closed","template":"","meta":{"footnotes":""},"_links":{"self":[{"href":"https:\/\/www.comprensivobrigida.edu.it\/site\/wp-json\/wp\/v2\/pages\/12397"}],"collection":[{"href":"https:\/\/www.comprensivobrigida.edu.it\/site\/wp-json\/wp\/v2\/pages"}],"about":[{"href":"https:\/\/www.comprensivobrigida.edu.it\/site\/wp-json\/wp\/v2\/types\/page"}],"author":[{"embeddable":true,"href":"https:\/\/www.comprensivobrigida.edu.it\/site\/wp-json\/wp\/v2\/users\/1"}],"replies":[{"embeddable":true,"href":"https:\/\/www.comprensivobrigida.edu.it\/site\/wp-json\/wp\/v2\/comments?post=12397"}],"version-history":[{"count":25,"href":"https:\/\/www.comprensivobrigida.edu.it\/site\/wp-json\/wp\/v2\/pages\/12397\/revisions"}],"predecessor-version":[{"id":26889,"href":"https:\/\/www.comprensivobrigida.edu.it\/site\/wp-json\/wp\/v2\/pages\/12397\/revisions\/26889"}],"wp:attachment":[{"href":"https:\/\/www.comprensivobrigida.edu.it\/site\/wp-json\/wp\/v2\/media?parent=12397"}],"curies":[{"name":"wp","href":"https:\/\/api.w.org\/{rel}","templated":true}]}}